{"id":10796,"date":"2025-08-27T12:04:59","date_gmt":"2025-08-27T09:04:59","guid":{"rendered":"https:\/\/thecey.com\/urunler\/bambu-coklu-sarj-kablosu\/"},"modified":"2026-06-15T13:38:05","modified_gmt":"2026-06-15T10:38:05","slug":"bambu-coklu-sarj-kablosu","status":"publish","type":"product","link":"https:\/\/thecey.com\/en\/urunler\/bambu-coklu-sarj-kablosu\/","title":{"rendered":"Bambu \u00c7oklu \u015earj Kablosu &#8211; SORA ECO"},"content":{"rendered":"<h3>Bambu 3\u2019\u00fc 1 Arada \u015earj Kablosu: Teknolojiyi ve Do\u011fall\u0131\u011f\u0131 Harmanlayan Promosyon \u00dcr\u00fcn\u00fc<\/h3>\n<p>Bambu \u00c7oklu \u015earj Kablosu, s\u00fcrd\u00fcr\u00fclebilir materyal ve yenilik\u00e7i tasar\u0131m\u0131 ile g\u00fcnl\u00fck teknoloji kullan\u0131m\u0131n\u0131za do\u011fal bir dokunu\u015f kat\u0131yor. Bu \u015farj kablosu, bambu malzemenin s\u0131cakl\u0131\u011f\u0131n\u0131 ve bir yandan da teknolojik i\u015flevselli\u011fini vurgulayarak, markan\u0131z\u0131 m\u00fc\u015fterilerinizin g\u00fcnl\u00fck ya\u015fam\u0131na entegre eder.<\/p>\n<p><strong>\u00d6ne \u00c7\u0131kan \u00d6zellikler:<\/strong><\/p>\n<ul>\n<li><strong>\u00c7oklu Ba\u011flant\u0131 Se\u00e7enekleri:<\/strong> Type-C, Micro USB ve Lightning ba\u011flant\u0131s\u0131 sayesinde, \u00e7e\u015fitli cihazlar\u0131n\u0131z\u0131 tek bir kablo ile \u015farj edebilirsiniz.<\/li>\n<li><strong>\u00d6zelle\u015ftirilmi\u015f LED Logo Uygulamas\u0131:<\/strong> Lazer kaz\u0131ma ile tek tarafl\u0131 LED logo uygulanabilir ve kullan\u0131m s\u0131ras\u0131nda beyaz renkte ayd\u0131nlan\u0131r. Bu \u00f6zellik, logonuzun her kullan\u0131mda dikkat \u00e7ekmesini sa\u011flar.<\/li>\n<li><strong>Ekstra Uzunluk:<\/strong> 1.2 metre uzunlu\u011fundaki kablo, uzak USB portlar\u0131na bile kolayca ula\u015fman\u0131z\u0131 sa\u011flar ve kullan\u0131m esnas\u0131nda konfor sunar.<\/li>\n<\/ul>\n<h4><strong>Promosyon \u00dcr\u00fcn\u00fc Olarak Neden \u015earj Kablosu?<\/strong><\/h4>\n<p>\u015earj kablolar\u0131, ak\u0131ll\u0131 telefonlar, tabletler ve di\u011fer cihazlar i\u00e7in vazge\u00e7ilmez birer aksesuar oldu\u011fundan, promosyon malzemesi olarak tercih edildi\u011finde markan\u0131z\u0131n s\u00fcrekli g\u00f6r\u00fcn\u00fcr olmas\u0131n\u0131 sa\u011flar. Ayn\u0131 zamanda, b\u00fct\u00e7e dostu bir promosyon \u00fcr\u00fcn\u00fc oldu\u011fu i\u00e7in s\u0131k\u00e7a tercih edilmektedir.<\/p>\n<p>\u015earj kablolar\u0131n\u0131z\u0131 logonuzla ki\u015fiselle\u015ftirerek, tan\u0131n\u0131rl\u0131k de\u011feri yaratman\u0131n yan\u0131 s\u0131ra markan\u0131z\u0131n kalitesini ve g\u00fcvenilirli\u011fini de vurgulay\u0131n.<\/p>\n","protected":false},"excerpt":{"rendered":"<p>Bambu 3\u2019\u00fc 1 Arada \u015earj Kablosu: Teknolojiyi ve Do\u011fall\u0131\u011f\u0131 Harmanlayan Promosyon \u00dcr\u00fcn\u00fc Bambu \u00c7oklu \u015earj Kablosu, s\u00fcrd\u00fcr\u00fclebilir materyal ve yenilik\u00e7i tasar\u0131m\u0131 ile g\u00fcnl\u00fck teknoloji kullan\u0131m\u0131n\u0131za do\u011fal bir dokunu\u015f kat\u0131yor. Bu \u015farj kablosu, bambu malzemenin s\u0131cakl\u0131\u011f\u0131n\u0131 ve bir yandan da teknolojik i\u015flevselli\u011fini vurgulayarak, markan\u0131z\u0131 m\u00fc\u015fterilerinizin g\u00fcnl\u00fck ya\u015fam\u0131na entegre eder. \u00d6ne \u00c7\u0131kan \u00d6zellikler: \u00c7oklu Ba\u011flant\u0131 Se\u00e7enekleri: Type-C,&#8230; Devam\u0131<\/p>\n","protected":false},"featured_media":158933,"comment_status":"open","ping_status":"closed","template":"","meta":[],"product_brand":[],"product_cat":[2275,2311,2304],"product_tag":[],"class_list":["post-10796","product","type-product","status-publish","has-post-thumbnail","product_cat-thecey-stok-urunler","product_cat-sarj-kablosu","product_cat-teknoloji","first","instock","shipping-taxable","purchasable","product-type-simple"],"_links":{"self":[{"href":"https:\/\/thecey.com\/en\/wp-json\/wp\/v2\/product\/10796\/"}],"collection":[{"href":"https:\/\/thecey.com\/en\/wp-json\/wp\/v2\/product\/"}],"about":[{"href":"https:\/\/thecey.com\/en\/wp-json\/wp\/v2\/types\/product\/"}],"replies":[{"embeddable":true,"href":"https:\/\/thecey.com\/en\/wp-json\/wp\/v2\/comments\/?post=10796"}],"wp:featuredmedia":[{"embeddable":true,"href":"https:\/\/thecey.com\/en\/wp-json\/wp\/v2\/media\/158933\/"}],"wp:attachment":[{"href":"https:\/\/thecey.com\/en\/wp-json\/wp\/v2\/media\/?parent=10796"}],"wp:term":[{"taxonomy":"product_brand","embeddable":true,"href":"https:\/\/thecey.com\/en\/wp-json\/wp\/v2\/product_brand\/?post=10796"},{"taxonomy":"product_cat","embeddable":true,"href":"https:\/\/thecey.com\/en\/wp-json\/wp\/v2\/product_cat\/?post=10796"},{"taxonomy":"product_tag","embeddable":true,"href":"https:\/\/thecey.com\/en\/wp-json\/wp\/v2\/product_tag\/?post=10796"}],"curies":[{"name":"wp","href":"https:\/\/api.w.org\/{rel}","templated":true}]}}